{"id":680,"date":"2026-03-24T16:33:19","date_gmt":"2026-03-24T15:33:19","guid":{"rendered":"https:\/\/transflowers.com\/?page_id=680"},"modified":"2026-03-25T07:12:41","modified_gmt":"2026-03-25T06:12:41","slug":"adatkezelesi-tajekoztato","status":"publish","type":"page","link":"https:\/\/transflowers.com\/en\/adatkezelesi-tajekoztato\/","title":{"rendered":"Adatkezel\u00e9si t\u00e1j\u00e9koztat\u00f3"},"content":{"rendered":"<div data-elementor-type=\"wp-page\" data-elementor-id=\"680\" class=\"elementor elementor-680\" data-elementor-post-type=\"page\">\n\t\t\t\t<div class=\"elementor-element elementor-element-25885fe1 e-flex e-con-boxed e-con e-parent\" data-id=\"25885fe1\" data-element_type=\"container\" data-e-type=\"container\" data-settings=\"{&quot;background_background&quot;:&quot;classic&quot;}\">\n\t\t\t\t\t<div class=\"e-con-inner\">\n\t\t\t\t<div class=\"elementor-element elementor-element-3740a8dd elementor-widget elementor-widget-heading\" data-id=\"3740a8dd\" data-element_type=\"widget\" data-e-type=\"widget\" data-widget_type=\"heading.default\">\n\t\t\t\t\t<h2 class=\"elementor-heading-title elementor-size-default\">Adatkezel\u00e9si t\u00e1j\u00e9koztat\u00f3<\/h2>\t\t\t\t<\/div>\n\t\t\t\t\t<\/div>\n\t\t\t\t<\/div>\n\t\t<div class=\"elementor-element elementor-element-22bdc388 e-flex e-con-boxed e-con e-parent\" data-id=\"22bdc388\" data-element_type=\"container\" data-e-type=\"container\" data-settings=\"{&quot;background_background&quot;:&quot;classic&quot;}\">\n\t\t\t\t\t<div class=\"e-con-inner\">\n\t\t\t\t<div class=\"elementor-element elementor-element-f082c51 elementor-widget elementor-widget-text-editor\" data-id=\"f082c51\" data-element_type=\"widget\" data-e-type=\"widget\" data-widget_type=\"text-editor.default\">\n\t\t\t\t\t\t\t\t\t<p>ADATKEZEL\u00c9SI SZAB\u00c1LYZAT<br \/>I.<\/p><p>\u00c1ltal\u00e1nos t\u00e1j\u00e9koztat\u00f3<\/p><p>Az Adatkezel\u00e9si Szab\u00e1lyzat c\u00e9lja, hogy r\u00f6gz\u00edtse az adatkezel\u0151 \u00e1ltal alkalmazott adatkezel\u00e9si \u00e9s adatv\u00e9delmi elj\u00e1r\u00e1st, amelynek betart\u00e1s\u00e1val, mint adatkezel\u0151 (tov\u00e1bbiakban: Adatkezel\u0151) tev\u00e9kenys\u00e9ge sor\u00e1n k\u00fcl\u00f6n\u00f6sen \u00fcgyel a szem\u00e9lyes adatok v\u00e9delm\u00e9re \u00e9s meg\u0151rz\u00e9s\u00e9re, tov\u00e1bb\u00e1 a biztons\u00e1gos \u00e9s tisztess\u00e9ges adatkezel\u00e9sre.<\/p><p>Adatkezel\u0151 adatai:<\/p><p>C\u00e9gn\u00e9v: SPEDEMEX Korl\u00e1tolt Felel\u0151ss\u00e9g\u0171 T\u00e1rsas\u00e1g<\/p><p>C\u00e9gjegyz\u00e9ksz\u00e1m: 09-09-022565<\/p><p>Sz\u00e9khely: 4224 Hajd\u00fab\u00f6sz\u00f6rm\u00e9ny-Bodasz\u0151l\u0151, Zelem\u00e9r utca 161.<\/p><p>Ad\u00f3sz\u00e1m: 23808902-2-09<\/p><p>Az Adatkezel\u00e9si Szab\u00e1lyzat tekintet\u00e9ben az al\u00e1bbi jogszab\u00e1lyok az ir\u00e1nyad\u00f3k:<\/p><p>2001. \u00e9vi CVIII. tv. az elektronikus kereskedelmi szolg\u00e1ltat\u00e1sok, valamint az inform\u00e1ci\u00f3s t\u00e1rsadalommal \u00f6sszef\u00fcgg\u0151 szolg\u00e1ltat\u00e1sok egyes k\u00e9rd\u00e9seir\u0151l;<\/p><p>2008. \u00e9vi XLVIII. tv. a gazdas\u00e1gi rekl\u00e1mtev\u00e9kenys\u00e9g alapvet\u0151 felt\u00e9teleir\u0151l \u00e9s egyes korl\u00e1tair\u00f3l;<\/p><p>2011. \u00e9vi CXII. tv. az inform\u00e1ci\u00f3s \u00f6nrendelkez\u00e9si jogr\u00f3l \u00e9s az inf\u00f3szabads\u00e1gr\u00f3l<\/p><p>2013. \u00e9vi V. tv. a Polg\u00e1ri T\u00f6rv\u00e9nyk\u00f6nyvr\u0151l;<\/p><p>2016\/679\/EU rendelet (2016. \u00e1prilis 27.) a term\u00e9szetes szem\u00e9lyeknek a szem\u00e9lyes adatok kezel\u00e9se tekintet\u00e9be t\u00f6rt\u00e9n\u0151 v\u00e9delm\u00e9r\u0151l \u00e9s az ilyen adatok szabad \u00e1raml\u00e1s\u00e1r\u00f3l, valamint a 95\/46\/EK rendelet hat\u00e1lyon k\u00edv\u00fcl helyez\u00e9s\u00e9r\u0151l.<\/p><p>Az Adatkezel\u0151 egyoldal\u00fa k\u00f6telezetts\u00e9get v\u00e1llal arra, hogy jelen Adatkezel\u00e9si Szab\u00e1lyzatot betartja. Ugyanakkor az Adatkezel\u0151 fenntartja mag\u00e1nak a jogot, hogy az Adatkezel\u00e9si Szab\u00e1lyzatot megv\u00e1ltoztassa, amelynek megfelel\u0151 m\u00f3don t\u00f6rt\u00e9n\u0151 k\u00f6zz\u00e9t\u00e9tel\u00e9re is egyoldal\u00fa k\u00f6telezetts\u00e9get v\u00e1llal.<\/p><p>II.<\/p><p>A Szab\u00e1lyzatban alkalmazott fogalmak \u00e9s t\u00f6rv\u00e9nyi \u00e9rtelmez\u00e9sek:<\/p><p>\u00c9rintett: b\u00e1rmely meghat\u00e1rozott, szem\u00e9lyes adat alapj\u00e1n azonos\u00edtott, vagy \u2013 k\u00f6zvetlen\u00fcl, vagy k\u00f6zvetve \u2013 azonos\u00edthat\u00f3 term\u00e9szetes szem\u00e9ly.<\/p><p>Szem\u00e9lyes adat: az \u00e9rintettel kapcsolatba hozhat\u00f3 adat \u2013 k\u00fcl\u00f6n\u00f6sen az \u00e9rintett neve, azonos\u00edt\u00f3 jele, valamint egy, vagy t\u00f6bb fizikai, fiziol\u00f3giai, ment\u00e1lis, gazdas\u00e1gi, kultur\u00e1lis, vagy szoci\u00e1lis azonoss\u00e1gra jellemz\u0151 ismeret \u2013 valamint az adatb\u00f3l levonhat\u00f3, az \u00e9rintettre vonatkoz\u00f3 k\u00f6vetkeztet\u00e9s.<\/p><p>K\u00fcl\u00f6nleges adat: a faji eredetre, a nemzetis\u00e9ghez tartoz\u00e1sra, a politikai v\u00e9lem\u00e9nyre, vagy p\u00e1rt\u00e1ll\u00e1sra, a vall\u00e1sos, vagy m\u00e1s vil\u00e1gn\u00e9zeti meggy\u0151z\u0151d\u00e9sre, az \u00e9rdekk\u00e9pviseleti, szervezeti tags\u00e1gra, a szexu\u00e1lis \u00e9letre vonatkoz\u00f3 szem\u00e9lyes adat, illetve az eg\u00e9szs\u00e9gi \u00e1llapotra, a k\u00f3ros szenved\u00e9lyre vonatkoz\u00f3 szem\u00e9lyes adat, valamint a b\u0171n\u00fcgyi szem\u00e9lyes adat.<\/p><p>Hozz\u00e1j\u00e1rul\u00e1s: az \u00e9rintett akarat\u00e1nak \u00f6nk\u00e9ntes \u00e9s hat\u00e1rozott kinyilv\u00e1n\u00edt\u00e1sa, amely megfelel\u0151 t\u00e1j\u00e9koztat\u00e1son alapul, \u00e9s amellyel f\u00e9lre\u00e9rthetetlen beleegyez\u00e9s\u00e9t adja a r\u00e1 vonatkoz\u00f3 szem\u00e9lyes adat \u2013 teljes k\u00f6r\u0171 vagy egyes m\u0171veletekre kiterjed\u0151 \u2013 kezel\u00e9s\u00e9hez.<\/p><p>Tiltakoz\u00e1s: az \u00e9rintett nyilatkozata, amellyel szem\u00e9lyes adat\u00e1nak kezel\u00e9s\u00e9t kifog\u00e1solja, \u00e9s az adatkezel\u00e9s megsz\u00fcntet\u00e9s\u00e9t, illetve a kezelt adat t\u00f6rl\u00e9s\u00e9t k\u00e9ri.<\/p><p>Adatkezel\u0151: az a term\u00e9szetes vagy jogi szem\u00e9ly, illetve jogi szem\u00e9lyis\u00e9ggel nem rendelkez\u0151 szervezet, aki, vagy amely \u00f6n\u00e1ll\u00f3an vagy m\u00e1sokkal egy\u00fctt az adat kezel\u00e9s\u00e9nek c\u00e9lj\u00e1t meghat\u00e1rozza, az adatkezel\u00e9sre (bele\u00e9rtve a felhaszn\u00e1lt eszk\u00f6zt) vonatkoz\u00f3 d\u00f6nt\u00e9seket meghozza \u00e9s v\u00e9grehajtja, vagy az Adatfeldolgoz\u00f3val v\u00e9grehajtatja.<\/p><p>Adatkezel\u00e9s: az alkalmazott elj\u00e1r\u00e1st\u00f3l f\u00fcggetlen\u00fcl az adaton v\u00e9gzett b\u00e1rmely m\u0171velet vagy a m\u0171veletek \u00f6sszess\u00e9ge, \u00edgy k\u00fcl\u00f6n\u00f6sen gy\u0171jt\u00e9se, felv\u00e9tele, r\u00f6gz\u00edt\u00e9se, rendszerez\u00e9se, t\u00e1rol\u00e1sa, megv\u00e1ltoztat\u00e1sa, felhaszn\u00e1l\u00e1sa, lek\u00e9rdez\u00e9se, tov\u00e1bb\u00edt\u00e1sa, nyilv\u00e1noss\u00e1gra hozatala, \u00f6sszehangol\u00e1sa vagy \u00f6sszekapcsol\u00e1sa, z\u00e1rol\u00e1sa, t\u00f6rl\u00e9se \u00e9s megsemmis\u00edt\u00e9se, valamint az adat tov\u00e1bbi felhaszn\u00e1l\u00e1s\u00e1nak megakad\u00e1lyoz\u00e1sa, f\u00e9nyk\u00e9p-, hang- vagy k\u00e9pfelv\u00e9tel k\u00e9sz\u00edt\u00e9se, valamint a szem\u00e9lyazonos\u00edt\u00e1s\u00e1ra alkalmas fizikai jellemz\u0151k r\u00f6gz\u00edt\u00e9se.<\/p><p>Adattov\u00e1bb\u00edt\u00e1s: az adat meghat\u00e1rozott harmadik szem\u00e9ly sz\u00e1m\u00e1ra t\u00f6rt\u00e9n\u0151 hozz\u00e1f\u00e9rhet\u0151v\u00e9 t\u00e9tele.<\/p><p>Nyilv\u00e1noss\u00e1gra hozatal: az adat b\u00e1rki sz\u00e1m\u00e1ra t\u00f6rt\u00e9n\u0151 hozz\u00e1f\u00e9rhet\u0151v\u00e9 t\u00e9tele.<\/p><p>Adatt\u00f6rl\u00e9s: az adat felismerhetetlenn\u00e9 t\u00e9tele oly m\u00f3don, hogy a helyre\u00e1ll\u00edt\u00e1sa t\u00f6bb\u00e9 nem lehets\u00e9ges.<\/p><p>Adatz\u00e1rol\u00e1s: az adat azonos\u00edt\u00f3 jelz\u00e9ssel ell\u00e1t\u00e1sa tov\u00e1bbi kezel\u00e9s\u00e9nek v\u00e9gleges, vagy meghat\u00e1rozott id\u0151re t\u00f6rt\u00e9n\u0151 korl\u00e1toz\u00e1sa c\u00e9lj\u00e1b\u00f3l.<\/p><p>Adatmegjel\u00f6l\u00e9s: az adat azonos\u00edt\u00f3 jelz\u00e9ssel ell\u00e1t\u00e1sa, annak megk\u00fcl\u00f6nb\u00f6ztet\u00e9se c\u00e9lj\u00e1b\u00f3l.<\/p><p>Adatfeldolgoz\u00e1s: az adatkezel\u00e9si m\u0171veletekhez kapcsol\u00f3d\u00f3 technikai feladatok elv\u00e9gz\u00e9se, f\u00fcggetlen\u00fcl a m\u0171veletek v\u00e9grehajt\u00e1s\u00e1hoz alkalmazott m\u00f3dszert\u0151l \u00e9s eszk\u00f6zt\u0151l, valamint az alkalmaz\u00e1s hely\u00e9t\u0151l, felt\u00e9ve, hogy a technikai feladatot az adaton v\u00e9gzik.<\/p><p>Adatmegsemmis\u00edt\u00e9s: az adatot tartalmaz\u00f3 adathordoz\u00f3 teljes fizikai megsemmis\u00edt\u00e9se.<\/p><p>Adatfeldolgoz\u00f3: az a term\u00e9szetes vagy jogi szem\u00e9ly, illetve jogi szem\u00e9lyis\u00e9ggel nem rendelkez\u0151 szervezet, aki, vagy amely szerz\u0151d\u00e9s alapj\u00e1n \u2013 bele\u00e9rtve a jogszab\u00e1ly rendelkez\u00e9se alapj\u00e1n k\u00f6t\u00f6tt szerz\u0151d\u00e9st is \u2013 adatok feldolgoz\u00e1s\u00e1t v\u00e9gzi.<\/p><p>Adat\u00e1llom\u00e1ny: az egy nyilv\u00e1ntart\u00e1sban kezelt adatok \u00f6sszess\u00e9ge.<\/p><p>Harmadik szem\u00e9ly: olyan term\u00e9szetes, vagy jogi szem\u00e9ly, illetve jogi szem\u00e9lyis\u00e9ggel nem rendelkez\u0151 szervezet, aki, vagy amely nem azonos az \u00e9rintettel, az adatkezel\u0151vel vagy az adatfeldolgoz\u00f3val.<\/p><p>EGT-\u00e1llam: az Eur\u00f3pai Uni\u00f3 tag\u00e1llama \u00e9s az Eur\u00f3pai Gazdas\u00e1gi T\u00e9rs\u00e9gr\u0151l sz\u00f3l\u00f3 meg\u00e1llapod\u00e1sban r\u00e9szes m\u00e1s \u00e1llam, tov\u00e1bb\u00e1 az az \u00e1llam, amelynek \u00e1llampolg\u00e1ra az Eur\u00f3pai Uni\u00f3 \u00e9s tag\u00e1llamai, valamint az Eur\u00f3pai Gazdas\u00e1gi T\u00e9rs\u00e9gr\u0151l sz\u00f3l\u00f3 meg\u00e1llapod\u00e1sban nem r\u00e9szes \u00e1llam k\u00f6z\u00f6tt l\u00e9trej\u00f6tt nemzetk\u00f6zi szerz\u0151d\u00e9s alapj\u00e1n az Eur\u00f3pai Gazdas\u00e1gi T\u00e9rs\u00e9gr\u0151l sz\u00f3l\u00f3 meg\u00e1llapod\u00e1sban r\u00e9szes \u00e1llam \u00e1llampolg\u00e1r\u00e1val azonos jog\u00e1ll\u00e1st \u00e9lvez.<\/p><p>Harmadik orsz\u00e1g: minden olyan \u00e1llam, amely nem EGT-\u00e1llam.<\/p><p>Adatv\u00e9delmi incidens: szem\u00e9lyes adat jogellenes kezel\u00e9se, vagy feldolgoz\u00e1sa, \u00edgy k\u00fcl\u00f6n\u00f6sen a jogosulatlan hozz\u00e1f\u00e9r\u00e9s, megv\u00e1ltoztat\u00e1s, tov\u00e1bb\u00edt\u00e1s, nyilv\u00e1noss\u00e1gra hozatal, t\u00f6rl\u00e9s, vagy megsemmis\u00edt\u00e9s, valamint a v\u00e9letlen megsemmis\u00fcl\u00e9s \u00e9s s\u00e9r\u00fcl\u00e9s.<\/p><p>III.<\/p><p>Az adatkezel\u00e9s alapjai<\/p><p>Az Adatkezel\u0151 tev\u00e9kenys\u00e9ge sor\u00e1n a szem\u00e9lyes adatok kezel\u00e9se minden esetben t\u00f6rv\u00e9nyen, vagy \u00f6nk\u00e9ntes hozz\u00e1j\u00e1rul\u00e1son alapulhat.<\/p><p>Szem\u00e9lyes adat kiz\u00e1r\u00f3lag meghat\u00e1rozott c\u00e9lb\u00f3l, a jog gyakorl\u00e1sa \u00e9s k\u00f6telezetts\u00e9g teljes\u00edt\u00e9se \u00e9rdek\u00e9ben kezelhet\u0151. Az adatkezel\u00e9snek minden szakasz\u00e1ban meg kell felelnie az adatkezel\u00e9s c\u00e9lj\u00e1nak, az adatok felv\u00e9tel\u00e9nek \u00e9s kezel\u00e9s\u00e9nek tisztess\u00e9gesnek \u00e9s t\u00f6rv\u00e9nyesnek kell lennie.<\/p><p>Csak olyan szem\u00e9lyes adat kezelhet\u0151, amely az adatkezel\u00e9s c\u00e9lj\u00e1nak megval\u00f3sul\u00e1s\u00e1hoz elengedhetetlen, \u00e9s a c\u00e9l el\u00e9r\u00e9s\u00e9re az alkalmas is.<\/p><p>Szem\u00e9lyes adat csak a c\u00e9l megval\u00f3sul\u00e1s\u00e1hoz sz\u00fcks\u00e9ges m\u00e9rt\u00e9kben \u00e9s ideig kezelhet\u0151.<\/p><p>Szem\u00e9lyes adat akkor tov\u00e1bb\u00edthat\u00f3, valamint a k\u00fcl\u00f6nb\u00f6z\u0151 adatkezel\u00e9si helyek kiz\u00e1r\u00f3lagosan akkor kapcsolhat\u00f3k \u00f6ssze, ha az \u00e9rintett ahhoz hozz\u00e1j\u00e1rul, vagy a t\u00f6rv\u00e9ny azt megengedi, \u00e9s az adatkezel\u00e9s minden egy\u00e9b felt\u00e9tele a szem\u00e9lyes adatra n\u00e9zve teljes\u00fcl.<\/p><p>Szem\u00e9lyes adat Magyarorsz\u00e1gb\u00f3l harmadik orsz\u00e1gban l\u00e9v\u0151 adatkezel\u0151, vagy feldolgoz\u00f3 r\u00e9sz\u00e9re akkor tov\u00e1bb\u00edthat\u00f3, ha ahhoz az \u00e9rintett kifejezetten hozz\u00e1j\u00e1rult, vagy azt t\u00f6rv\u00e9ny lehet\u0151v\u00e9 teszi, \u00e9s a harmadik orsz\u00e1gban az \u00e1tadott adatok kezel\u00e9se \u00e9s feldolgoz\u00e1sa megfelel\u0151en biztos\u00edtott, annak v\u00e9delm\u00e9vel egy\u00fctt.<\/p><p>K\u00f6telez\u0151 adatkezel\u00e9s eset\u00e9n az adatkezel\u00e9s c\u00e9lj\u00e1t, felt\u00e9teleit, a kezelend\u0151 adatok k\u00f6r\u00e9t \u00e9s megismerhet\u0151s\u00e9g\u00e9t, az adatkezel\u00e9s id\u0151tartam\u00e1t, valamint az adatkezel\u0151 szem\u00e9ly\u00e9t az adatkezel\u00e9st elrendel\u0151 t\u00f6rv\u00e9ny, vagy \u00f6nkorm\u00e1nyzati rendelet hat\u00e1rozza meg.<\/p><p>T\u00f6rv\u00e9ny k\u00f6z\u00e9rdekb\u0151l \u2013 az adatok k\u00f6r\u00e9nek kifejezett megjel\u00f6l\u00e9s\u00e9vel \u2013 elrendelheti a szem\u00e9lyes adat nyilv\u00e1noss\u00e1gra hozatal\u00e1t. Minden egy\u00e9b esetben a nyilv\u00e1noss\u00e1gra hozatalhoz az \u00e9rintett hozz\u00e1j\u00e1rul\u00e1sa, k\u00fcl\u00f6nleges adat eset\u00e9ben \u00edr\u00e1sbeli hozz\u00e1j\u00e1rul\u00e1sa sz\u00fcks\u00e9ges. K\u00e9ts\u00e9g eset\u00e9n azt kell v\u00e9lelmezni, hogy az \u00e9rintett a hozz\u00e1j\u00e1rul\u00e1s\u00e1t nem adta meg.<\/p><p>Az \u00e9rintett hozz\u00e1j\u00e1rul\u00e1s\u00e1t megadottnak kell tekinteni, az \u00e9rintett k\u00f6zszerepl\u00e9se sor\u00e1n k\u00f6z\u00f6lt, vagy nyilv\u00e1noss\u00e1gra hozatal c\u00e9lj\u00e1b\u00f3l \u00e1ltala \u00e1tadott adatok tekintet\u00e9ben.<\/p><p>Az \u00e9rintett a hozz\u00e1j\u00e1rul\u00e1s\u00e1t az Adatkezel\u0151vel \u00edr\u00e1sban k\u00f6t\u00f6tt szerz\u0151d\u00e9s keret\u00e9ben is megadhatja, a szerz\u0151d\u00e9sben foglaltak teljes\u00edt\u00e9se c\u00e9lj\u00e1b\u00f3l. A szerz\u0151d\u00e9snek f\u00e9lre\u00e9rthetetlen m\u00f3don tartalmaznia kell, hogy az \u00e9rintett al\u00e1\u00edr\u00e1s\u00e1val hozz\u00e1j\u00e1rult adatainak a szerz\u0151d\u00e9sben meghat\u00e1rozottak szerinti kezel\u00e9s\u00e9hez.<\/p><p>IV.<\/p><p>A kezelt szem\u00e9lyes adatok k\u00f6re \u00e9s a r\u00f6gz\u00edt\u00e9s m\u00f3dja<\/p><p>Jelen Adatkezel\u00e9si Szab\u00e1lyzat hat\u00e1lya al\u00e1 tartoz\u00f3 tev\u00e9kenys\u00e9g\u00e9vel \u00f6sszef\u00fcgg\u00e9sben az al\u00e1bbi szem\u00e9lyes adatokat kezeli:<\/p><p>Vezet\u00e9kn\u00e9v \u00e9s keresztn\u00e9v:<\/p><p>Sz\u00fclet\u00e9si id\u0151, hely, d\u00e1tum:<\/p><p>Anyja neve:<\/p><p>E-mail c\u00edm:<\/p><p>A szem\u00e9lyes adatok r\u00f6gz\u00edt\u00e9s\u00e9re kiz\u00e1r\u00f3lag azt k\u00f6vet\u0151en ker\u00fclhet sor, ha az Adatkezel\u0151 az \u00e9rintett r\u00e9sz\u00e9re az adatkezel\u00e9s alapj\u00e1ul szolg\u00e1l\u00f3 jelen Adatkezel\u00e9si Szab\u00e1lyzat megismer\u00e9s\u00e9t lehet\u0151v\u00e9 tette, \u00e9s amelyet az \u00e9rintett kifejezetten el is ismer.<\/p><p>Az adatr\u00f6gz\u00edt\u00e9s folyamat\u00e1t az \u00e9rintett maga ir\u00e1ny\u00edtja, amennyiben az adatr\u00f6gz\u00edt\u00e9s sor\u00e1n az \u00e9rintett az adatr\u00f6gz\u00edt\u00e9s folyamat\u00e1t ak\u00e1r kifejezetten, ak\u00e1r r\u00e1utal\u00f3 magatart\u00e1ssal megszak\u00edtja, \u00fagy az Adatkezel\u0151 k\u00f6teles a r\u00f6gz\u00edt\u00e9st megszak\u00edtani, \u00e9s az addig megadott szem\u00e9lyes adatokat kiv\u00e9tel n\u00e9lk\u00fcl t\u00f6r\u00f6lni.<\/p><p>Az Adatkezel\u0151 a megadott szem\u00e9lyes adatokat jelen Adatkezel\u00e9si Szab\u00e1lyzatban \u00edrt c\u00e9lokt\u00f3l elt\u00e9r\u0151 c\u00e9lokra nem haszn\u00e1lhatja fel. Szem\u00e9lyes adatokat harmadik szem\u00e9lynek, vagy a hat\u00f3s\u00e1gok sz\u00e1m\u00e1ra kiz\u00e1r\u00f3lag az \u00e9rintett el\u0151zetes, kifejezett hozz\u00e1j\u00e1rul\u00e1sa eset\u00e9n lehets\u00e9ges kiadni, kiv\u00e9ve, ha a t\u00f6rv\u00e9ny ett\u0151l elt\u00e9r\u0151en rendelkezik.<\/p><p>Az Adatkezel\u0151 a neki megadott szem\u00e9lyes adatokat nem ellen\u0151rzi \u2013 azok val\u00f3s\u00e1gtartalm\u00e1\u00e9rt kiz\u00e1r\u00f3lag az azt megad\u00f3 szem\u00e9ly felel.<\/p><p>Az \u00e9rintett az e-mail c\u00edm\u00e9nek megad\u00e1sakor felel\u0151ss\u00e9get v\u00e1llal az\u00e9rt, hogy a megadott e-mail c\u00edmr\u0151l kiz\u00e1r\u00f3lag \u0151 vesz ig\u00e9nybe szolg\u00e1ltat\u00e1st.<\/p><p>Az Adatkezel\u0151 nem k\u00f6teles ellen\u0151rizni, hogy az \u00edgy megadott e-mail c\u00edm val\u00f3ban az azt megad\u00f3 \u00e9rintetthez tartozik \u2013 ily m\u00f3don jogosult azt v\u00e9lelmezni, hogy a megadott szem\u00e9lyes adatok tekintet\u00e9ben az adatkezel\u00e9s jogszer\u0171.<\/p><p>V.<\/p><p>Az adatok m\u00f3dos\u00edt\u00e1sa \u00e9s t\u00f6rl\u00e9se, az adatkezel\u00e9s id\u0151tartama<\/p><p>Az \u00e9rintett b\u00e1rmikor k\u00e9rhet felvil\u00e1gos\u00edt\u00e1st az Adatkezel\u0151 \u00e1ltal kezelt adatair\u00f3l, az adatr\u00f6gz\u00edt\u00e9s id\u0151pontj\u00e1r\u00f3l, a kezelt adatok k\u00f6r\u00e9r\u0151l, \u00e9s a r\u00f6gz\u00edt\u00e9s m\u00f3dj\u00e1r\u00f3l.<\/p><p>Az \u00e9rintett b\u00e1rmikor indokol\u00e1s \u00e9s korl\u00e1toz\u00e1s n\u00e9lk\u00fcl ingyenesen k\u00e9rheti adatainak m\u00f3dos\u00edt\u00e1s\u00e1t, tov\u00e1bb\u00e1 azoknak az Adatkezel\u0151 adatb\u00e1zis\u00e1b\u00f3l val\u00f3 t\u00f6rl\u00e9s\u00e9t az al\u00e1bbi el\u00e9rhet\u0151s\u00e9gen:<\/p><p>Adatkezel\u00e9si referens (n\u00e9v): J\u00e1mborn\u00e9 Szanyi M\u00f3nika<\/p><p>Postai c\u00edm: 4224 Hajd\u00fab\u00f6sz\u00f6rm\u00e9ny-Bodasz\u0151l\u0151 Zelem\u00e9r utca 161.<\/p><p>E-mail c\u00edm: info@transflowers.hu<\/p><p>Telefonsz\u00e1m: +36 70 604 04 10<\/p><p>Az adatr\u00f6gz\u00edt\u00e9s sor\u00e1n megadott szem\u00e9lyes adatok kezel\u00e9se a r\u00f6gz\u00edt\u00e9s id\u0151pontj\u00e1ban kezd\u0151dik, \u00e9s annak t\u00f6rl\u00e9s\u00e9ig, illetve a t\u00f6rv\u00e9nyben meghat\u00e1rozott egy\u00e9b id\u0151pontig tart.<\/p><p>VI.<\/p><p>Az \u00e9rintettek jogai<\/p><p>Az \u00e9rintett k\u00e9relm\u00e9re az Adatkezel\u0151 t\u00e1j\u00e9koztat\u00e1st k\u00f6teles adni az \u00e1ltala kezelt adatair\u00f3l, az adatkezel\u00e9s c\u00e9lj\u00e1r\u00f3l, jogalapj\u00e1r\u00f3l, id\u0151tartam\u00e1r\u00f3l, az adatfeldolgoz\u00f3 nev\u00e9r\u0151l, c\u00edm\u00e9r\u0151l \u00e9s az adatkezel\u00e9ssel \u00f6sszef\u00fcgg\u0151 tev\u00e9kenys\u00e9g\u00e9r\u0151l, tov\u00e1bb\u00e1 arr\u00f3l is, hogy az adatok r\u00f6gz\u00edt\u00e9se \u00f3ta kik \u00e9s milyen c\u00e9lb\u00f3l kapt\u00e1k meg az adatokat. Az Adatkezel\u0151 a k\u00e9relem beny\u00fajt\u00e1s\u00e1t\u00f3l sz\u00e1m\u00edtott legfeljebb 20 napon bel\u00fcl k\u00f6teles \u00edr\u00e1sban ingyenesen megadni a t\u00e1j\u00e9koztat\u00e1st.<\/p><p>A val\u00f3s\u00e1gnak meg nem felel\u0151 szem\u00e9lyes adatot az \u00e9rintett jelz\u00e9se alapj\u00e1n az Adatkezel\u0151 k\u00f6teles helyesb\u00edteni. A helyesb\u00edt\u00e9sr\u0151l az Adatkezel\u0151 az \u00e9rintettet, tov\u00e1bb\u00e1 mindazokat \u00e9rtes\u00edti, akiknek kor\u00e1bban az adatot adatkezel\u00e9s c\u00e9lj\u00e1ra tov\u00e1bb\u00edtotta. Az \u00e9rtes\u00edt\u00e9s mell\u0151zhet\u0151, ha ez az adatkezel\u00e9s c\u00e9lj\u00e1ra val\u00f3 tekintettel az \u00e9rintett jogos \u00e9rdek\u00e9t nem s\u00e9rti.<\/p><p>Szem\u00e9lyes adatot az Adatkezel\u0151 k\u00f6teles t\u00f6r\u00f6lni, ha a kezel\u00e9se jogellenes, vagy az \u00e9rintett azt k\u00e9ri, az hi\u00e1nyos, vagy t\u00e9ves, \u00e9s ez az \u00e1llapot jogszer\u0171en m\u00e1r nem korrig\u00e1lhat\u00f3.<\/p><p>Az Adatkezel\u0151 akkor is t\u00f6rli az adatokat, ha az adatkezel\u00e9s c\u00e9lja megsz\u0171nt, az adatok t\u00e1rol\u00e1s\u00e1nak t\u00f6rv\u00e9nyben meghat\u00e1rozott ideje lej\u00e1rt, vagy azt a b\u00edr\u00f3s\u00e1g, vagy azt az adatv\u00e9delmi biztos elrendelte.<\/p><p>Az \u00e9rintett jogosult tiltakozni szem\u00e9lyes adat\u00e1nak kezel\u00e9se ellen, ha a szem\u00e9lyes adatok kezel\u00e9se, vagy tov\u00e1bb\u00edt\u00e1sa kiz\u00e1r\u00f3lag az Adatkezel\u0151, vagy valamely adat\u00e1tvev\u0151 jog\u00e1nak, vagy jogos \u00e9rdekeinek \u00e9rv\u00e9nyes\u00edt\u00e9s\u00e9hez sz\u00fcks\u00e9ges; kiv\u00e9ve, ha az adatkezel\u00e9st t\u00f6rv\u00e9ny rendelte el.<\/p><p>Az Adatkezel\u0151 \u2013 az adatkezel\u00e9s egyidej\u0171 felf\u00fcggeszt\u00e9s\u00e9vel \u2013 a tiltakoz\u00e1st k\u00f6teles a k\u00e9relem beny\u00fajt\u00e1s\u00e1t\u00f3l sz\u00e1m\u00edtott legr\u00f6videbb id\u0151n bel\u00fcl, de legfeljebb 15 nap alatt megvizsg\u00e1lni, \u00e9s annak eredm\u00e9ny\u00e9r\u0151l a k\u00e9relmez\u0151t \u00edr\u00e1sban t\u00e1j\u00e9koztatni. Amennyiben az \u00e9rintett tiltakoz\u00e1sa alappal b\u00edr, az Adatkezel\u0151 k\u00f6teles az adatkezel\u00e9st megsz\u00fcntetni, \u00e9s az adatokat z\u00e1rolni, \u00e9s mindazokat \u00e9rtes\u00edteni err\u0151l a t\u00e9nyr\u0151l, akik r\u00e9sz\u00e9re a szem\u00e9lyes adatokat kor\u00e1bban tov\u00e1bb\u00edtotta.<\/p><p>Az \u00e9rintett jogainak megs\u00e9rt\u00e9se eset\u00e9n az Adatkezel\u0151 ellen b\u00edr\u00f3s\u00e1ghoz, vagy az adatv\u00e9delmi hat\u00f3s\u00e1ghoz fordulhat panasszal, amelynek adatai:<\/p><p>N\u00e9v: Nemzeti Adatv\u00e9delmi \u00e9s Inform\u00e1ci\u00f3szabads\u00e1g Hat\u00f3s\u00e1g<\/p><p>C\u00edm. 1125 Budapest, Szil\u00e1gyi Erzs\u00e9bet fasor 22\/c.<\/p><p>Telefon: 06 \u2013 1 \u2013 391-1400<\/p><p>Fax: 06 \u2013 1- 391-1410<\/p><p>E-mail: ugyfelszolgalat@naih.hu<\/p><p>Weboldal: www.naih.hu<\/p><p>VII.<\/p><p>Adatbiztons\u00e1g<\/p><p>Az Adatkezel\u0151 az adatfeldolgoz\u00e1s folyamat\u00e1ban k\u00f6teles gondoskodni az adatok biztons\u00e1g\u00e1r\u00f3l, k\u00f6teles tov\u00e1bb\u00e1 megtenni minden olyan szervez\u00e9si \u00e9s technikai int\u00e9zked\u00e9st, amelyek az adatok biztons\u00e1gos t\u00e1rol\u00e1s\u00e1hoz sz\u00fcks\u00e9gesek.<\/p><p>Az adatokat megfelel\u0151 technikai eszk\u00f6zzel kell v\u00e9deni a jogosulatlan hozz\u00e1f\u00e9r\u00e9s, megv\u00e1ltoztat\u00e1s, jogosulatlan tov\u00e1bb\u00edt\u00e1s, a jogosulatlan nyilv\u00e1noss\u00e1gra hozatal, a t\u00f6rl\u00e9s, vagy megsemmis\u00edt\u00e9s, valamint a v\u00e9letlenszer\u0171 megsemmis\u00fcl\u00e9s \u00e9s s\u00e9r\u00fcl\u00e9s, \u00e9s az ebb\u0151l k\u00f6vetkez\u0151 hozz\u00e1f\u00e9rhetetlenn\u00e9 v\u00e1l\u00e1s ellen. Olyan technikai v\u00e9delmi eszk\u00f6z\u00f6ket sz\u00fcks\u00e9ges alkalmazni, amellyel \u2013 kiv\u00e9ve, ha azt a t\u00f6rv\u00e9ny lehet\u0151v\u00e9 teszi \u2013 k\u00f6zvetlen\u00fcl ne legyenek \u00f6sszekapcsolhat\u00f3k, \u00e9s az \u00e9rintetthez rendelhet\u0151k.<\/p><p>VIII.<\/p><p>Adatv\u00e9delmi incidens<\/p><p>Az Adatkezel\u0151 k\u00f6teles nyilv\u00e1ntart\u00e1st vezetni az adatv\u00e9delmi incidensekr\u0151l, annak kezelhet\u0151s\u00e9ge, ellen\u0151rizhet\u0151s\u00e9ge, valamint az \u00e9rintett t\u00e1j\u00e9koztat\u00e1sa c\u00e9lj\u00e1b\u00f3l.<\/p><p>A vezetett nyilv\u00e1ntart\u00e1snak tartalmaznia kell az \u00e9rintett szem\u00e9lyes adatok k\u00f6r\u00e9t, az adatv\u00e9delmi incidenssel \u00e9rintettek k\u00f6r\u00e9t \u00e9s sz\u00e1m\u00e1t, az incidens id\u0151pontj\u00e1t, k\u00f6zvetett \u00e9s k\u00f6zvetlen hat\u00e1sait, valamint az elh\u00e1r\u00edt\u00e1s\u00e1ra megtett int\u00e9zked\u00e9seket.<\/p><p>Az \u00e9rintett k\u00e9relm\u00e9re az Adatkezel\u0151 err\u0151l t\u00e1j\u00e9koztat\u00e1st adni k\u00f6teles.<\/p><p>Az Adatkezel\u0151 incidens \u00e9szlel\u00e9se eset\u00e9n 72 \u00f3r\u00e1n bel\u00fcl k\u00f6teles bejelent\u00e9st tenni az incidens t\u00e9ny\u00e9r\u0151l a fel\u00fcgyel\u0151 hat\u00f3s\u00e1g fel\u00e9, kiv\u00e9ve, ha az adatv\u00e9delmi incidens k\u00f6r\u00fclm\u00e9nyei miatt az val\u00f3sz\u00edn\u0171s\u00edthet\u0151en nem j\u00e1r kock\u00e1zattal a term\u00e9szetes szem\u00e9lyek jogaira n\u00e9zve.<\/p><p>IX.<\/p><p>Z\u00e1r\u00f3 rendelkez\u00e9sek<\/p><p>A jelen Adatkezel\u00e9si Szab\u00e1lyzat hat\u00e1lyba l\u00e9p\u00e9s\u00e9t a t\u00e1rsas\u00e1g \u00fcgyvezet\u0151je rendeli el, \u00e9s az a t\u00e1rsas\u00e1g honlapj\u00e1ra t\u00f6rt\u00e9n\u0151 felt\u00f6lt\u00e9ssel v\u00e1lik hat\u00e1lyoss\u00e1.<\/p><p>Budapest, 2026. janu\u00e1r 05.<\/p><p>J\u00e1mborn\u00e9 Szanyi M\u00f3nika \u00fcgyvezet\u0151<\/p><p>s.k.<\/p>\t\t\t\t\t\t\t\t<\/div>\n\t\t\t\t<div class=\"elementor-element elementor-element-3d38103 elementor-widget elementor-widget-menu-anchor\" data-id=\"3d38103\" data-element_type=\"widget\" data-e-type=\"widget\" data-widget_type=\"menu-anchor.default\">\n\t\t\t\t\t\t\t<div class=\"elementor-menu-anchor\" id=\"cooky\"><\/div>\n\t\t\t\t\t\t<\/div>\n\t\t\t\t<div class=\"elementor-element elementor-element-0cbc2c4 elementor-widget elementor-widget-text-editor\" data-id=\"0cbc2c4\" data-element_type=\"widget\" data-e-type=\"widget\" data-widget_type=\"text-editor.default\">\n\t\t\t\t\t\t\t\t\t<div class=\"elementor-element elementor-element-d1c672d elementor-widget elementor-widget-text-editor\" data-id=\"d1c672d\" data-element_type=\"widget\" data-e-type=\"widget\" data-widget_type=\"text-editor.default\"><div class=\"elementor-widget-container\"><h5>A cookie-k (S\u00dcTIK) haszn\u00e1lat\u00e1val kapcsolatos t\u00e1j\u00e9koztat\u00e1s<\/h5><\/div><\/div><div class=\"elementor-element elementor-element-3739ef76 elementor-widget elementor-widget-text-editor\" data-id=\"3739ef76\" data-element_type=\"widget\" data-e-type=\"widget\" data-widget_type=\"text-editor.default\"><div class=\"elementor-widget-container\"><h5>Mi az a cookie?<\/h5><p>Az Adatkezel\u0151 a honlap l\u00e1togat\u00e1sa sor\u00e1n \u00fagynevezett cookie-kat (s\u00fctiket) haszn\u00e1l. A cookie bet\u0171b\u0151l \u00e9s sz\u00e1mokb\u00f3l \u00e1ll\u00f3 inform\u00e1ci\u00f3csomag, amit honlapunk az \u00d6n b\u00f6ng\u00e9sz\u0151j\u00e9nek k\u00fcld el\u00a0 azzal a c\u00e9llal, hogy elmentse bizonyos be\u00e1ll\u00edt\u00e1sait, megk\u00f6nny\u00edtse a honlapunk haszn\u00e1lat\u00e1t \u00e9s k\u00f6zrem\u0171k\u00f6dik abban, hogy n\u00e9h\u00e1ny relev\u00e1ns,<br \/>statisztikai jelleg\u0171 inform\u00e1ci\u00f3t gy\u0171jts\u00fcnk a l\u00e1togat\u00f3inkr\u00f3l.<br \/>A cookie-k (s\u00fctik) egy r\u00e9sze nem tartalmaz szem\u00e9lyes inform\u00e1ci\u00f3kat, \u00e9s nem alkalmas az egy\u00e9ni felhaszn\u00e1l\u00f3 azonos\u00edt\u00e1s\u00e1ra, egy r\u00e9sz\u00fck azonban olyan egy\u00e9ni azonos\u00edt\u00f3t tartalmaz \u2013 egy titkos, v\u00e9letlen\u00fcl gener\u00e1lt sz\u00e1msort \u2013 amelyet az \u00d6n eszk\u00f6ze t\u00e1rol, ezzel az \u00d6n azonos\u00edthat\u00f3s\u00e1g\u00e1t is biztos\u00edtja. Az egyes cookie-k (s\u00fctik) m\u0171k\u00f6d\u00e9si<br \/>id\u0151tartam\u00e1t az egyes cookie-k (s\u00fctik) vonatkoz\u00f3 le\u00edr\u00e1sa tartalmazza.<\/p><h5>A cookie-k jogszab\u00e1lyi h\u00e1ttere \u00e9s jogalapja:<\/h5><p>Alapvet\u0151en h\u00e1rom t\u00edpus\u00fa cookiet k\u00fcl\u00f6nb\u00f6ztet\u00fcnk meg, a m\u0171k\u00f6d\u00e9shez elengedhetetlen cookie-t, ami a Weboldal megfelel\u0151 m\u0171k\u00f6d\u00e9s\u00e9t szolg\u00e1lja, statisztikai c\u00e9l\u00fa \u00e9s marketing c\u00e9l\u00fa cookiekat.<br \/>Az adatkezel\u00e9s jogalapja a Rendelet 6. cikk (1) bekezd\u00e9s a) pontja alapj\u00e1n az \u00d6n hozz\u00e1j\u00e1rul\u00e1sa a statisztikai \u00e9s a marketing c\u00e9l\u00fa cookie-k eset\u00e9ben, valamint a Rendelet 6. cikk (1) bekezd\u00e9s f) pontja szerint a Weboldal m\u0171k\u00f6d\u00e9s\u00e9nek biztos\u00edt\u00e1s\u00e1hoz sz\u00fcks\u00e9ges jogos \u00e9rdek, a m\u0171k\u00f6d\u00e9shez sz\u00fcks\u00e9ges cookiek eset\u00e9ben.<\/p><h5>A honlap \u00e1ltal haszn\u00e1lt cookie-k f\u0151bb jellemz\u0151i:<\/h5><h5>A m\u0171k\u00f6d\u00e9shez elengedhetetlen cookie-k:<\/h5><p>Amennyiben \u00d6n nem fogadja el ezen cookie-k haszn\u00e1lat\u00e1t, akkor bizonyos funkci\u00f3k nem biztos, hogy el\u00e9rhet\u0151ek lesznek az \u00d6n sz\u00e1m\u00e1ra.<\/p><p><strong>A m\u0171k\u00f6d\u00e9shez szigor\u00faan sz\u00fcks\u00e9ges cookie-k:<\/strong>\u00a0Ezek a cookie-k a weboldal haszn\u00e1lat\u00e1hoz n\u00e9lk\u00fcl\u00f6zhetetlenek, \u00e9s lehet\u0151v\u00e9 teszik a weboldal alapvet\u0151 funkci\u00f3inak haszn\u00e1lat\u00e1t. Ezek hi\u00e1ny\u00e1ba az oldal sz\u00e1mos funkci\u00f3ja nem lesz el\u00e9rhet\u0151 az \u00d6n sz\u00e1m\u00e1ra. Ezen t\u00edpus\u00fa cookie-k \u00e9lettartama kiz\u00e1r\u00f3lag a munkamenet idej\u00e9re korl\u00e1toz\u00f3dik.<\/p><p><strong>Munkamenet cookie:<\/strong>\u00a0Ezek a s\u00fctik a l\u00e1togat\u00f3 tart\u00f3zkod\u00e1si hely\u00e9t, a b\u00f6ng\u00e9sz\u0151 nyelv\u00e9t, a fizet\u00e9s p\u00e9nznem\u00e9t t\u00e1rolj\u00e1k, \u00e9lettartamuk a b\u00f6ng\u00e9sz\u0151 bez\u00e1r\u00e1sa, vagy maximum 2 \u00f3ra.<\/p><p><strong>Korhat\u00e1ros tartalom cookie:<\/strong>\u00a0Ezek a s\u00fctik a korhat\u00e1ros tartalom j\u00f3v\u00e1hagy\u00e1s\u00e1nak t\u00e9ny\u00e9t \u00e9s azt r\u00f6gz\u00edtik, hogy az \u00e9rintett 18 \u00e9ven fel\u00fcli, \u00e9lettartamuk a b\u00f6ng\u00e9sz\u0151 bez\u00e1r\u00e1s\u00e1ig tart.<\/p><p><strong>Aj\u00e1nlott term\u00e9kek cookie:\u00a0<\/strong>Az \u201eaj\u00e1nlom ismer\u0151s\u00f6mnek\u201d funkci\u00f3n\u00e1l az aj\u00e1nlani k\u00edv\u00e1nt term\u00e9kek list\u00e1j\u00e1t r\u00f6gz\u00edti. \u00c9lettartama 60 nap.<\/p><p><strong>Mobil verzi\u00f3, design cookie:<\/strong>\u00a0\u00c9rz\u00e9keli a l\u00e1togat\u00f3 haszn\u00e1lt eszk\u00f6zt, \u00e9s mobilon \u00e1tv\u00e1lt teljes n\u00e9zetre. \u00c9lettartama 365 nap.<\/p><p><strong>Cookie elfogad\u00e1s cookie:<\/strong>\u00a0Az oldalra \u00e9rkez\u00e9skor a figyelmeztet\u0151 ablakban elfogadja a cookiek t\u00e1rol\u00e1s\u00e1r\u00f3l sz\u00f3l\u00f3 nyilatkozatot. \u00c9lettartama 365 nap.<\/p><p><strong>Kil\u00e9ptet\u00e9s #2 cookie:<\/strong>\u00a0A #2 opci\u00f3 szerint 90 nap ut\u00e1n kil\u00e9pteti a rendszer a l\u00e1togat\u00f3t. \u00c9lettartama 90 nap.<\/p><p><strong>Backend azonos\u00edt\u00f3 cookie:\u00a0<\/strong>Az oldalt kiszolg\u00e1l\u00f3 backend szerver azonos\u00edt\u00f3ja. \u00c9lettartama a b\u00f6ng\u00e9sz\u0151 bez\u00e1r\u00e1s\u00e1ig tart.<\/p><p><strong>Employee_login_last_email<\/strong>\u00a0Bejelentkez\u00e9sn\u00e9l az emailc\u00edmet t\u00e1rolja a b\u00f6ng\u00e9sz\u0151 bez\u00e1r\u00e1s\u00e1ig.<\/p><p><strong>Ealrm, ealem, ealpw<\/strong>\u00a0Permanens bel\u00e9ptet\u00e9st biztos\u00edt. \u00c9lettartama 180 nap.<\/p><p><strong>Come_from<\/strong>\u00a0Bel\u00e9ptet\u00e9s \u00e1tir\u00e1ny\u00edt\u00e1st v\u00e9gez. \u00c9lettartama 10 perc.<\/p><p><strong>Currency<\/strong>\u00a0A v\u00e1s\u00e1rl\u00f3 p\u00e9nznem\u00e9t t\u00e1rolja. \u00c9lettartama 30 nap.<\/p><h5>Statisztikai c\u00e9l\u00fa cookie-k:<\/h5><p><strong>Google Analytics cookie:<\/strong>\u00a0A Google Analytics a Google elemz\u0151 eszk\u00f6ze, amely abban seg\u00edt a weboldalak \u00e9s alkalmaz\u00e1sok tulajdonosainak, hogy pontosabb k\u00e9pet kapjanak l\u00e1togat\u00f3ik tev\u00e9kenys\u00e9geir\u0151l. A szolg\u00e1ltat\u00e1s cookie-kat haszn\u00e1lhat, hogy inform\u00e1ci\u00f3kat gy\u0171jts\u00f6n \u00e9s jelent\u00e9st k\u00e9sz\u00edtsen a weboldal haszn\u00e1lat\u00e1ra vonatkoz\u00f3 statisztikai adatokb\u00f3l an\u00e9lk\u00fcl, hogy egy\u00e9nileg azonos\u00edtan\u00e1 a l\u00e1togat\u00f3kat a Google sz\u00e1m\u00e1ra. A Google Analytics \u00e1ltal haszn\u00e1lt f\u0151 cookie a \u201e__ga\u201d cookie. A webhelyhaszn\u00e1lati statisztikai adatokb\u00f3l k\u00e9sz\u00fcl\u0151 jelent\u00e9sek mellett a Google Analytics \u2013 az el\u0151bbiekben ismertetett n\u00e9h\u00e1ny hirdet\u00e9si cookie-val egy\u00fctt \u2013 felhaszn\u00e1lhat\u00f3 arra is, hogy relev\u00e1nsabb hirdet\u00e9seket jelen\u00edts\u00fcnk meg a Google-term\u00e9kekben (p\u00e9ld\u00e1ul a Google Keres\u00e9sben) \u00e9s szerte az interneten.<\/p><p><strong>A felhaszn\u00e1l\u00f3i \u00e9lm\u00e9ny jav\u00edt\u00e1s\u00e1t szolg\u00e1l\u00f3 cookie-k<\/strong>: Ezek a cookie-k inform\u00e1ci\u00f3kat gy\u0171jtenek a felhaszn\u00e1l\u00f3 weboldal haszn\u00e1lat\u00e1r\u00f3l, p\u00e9ld\u00e1ul, hogy mely oldalakat l\u00e1togatja leggyakrabban, vagy milyen hiba\u00fczenetet kap a\u00a0weboldalr\u00f3l. Ezek a cookie-k nem gy\u0171jtenek a l\u00e1togat\u00f3t azonos\u00edt\u00f3 inform\u00e1ci\u00f3kat, vagyis teljesen \u00e1ltal\u00e1nos, n\u00e9vtelen inform\u00e1ci\u00f3kkal dolgoznak. Az ezekb\u0151l nyert adatokat a weboldal teljes\u00edtm\u00e9ny\u00e9nek jav\u00edt\u00e1s\u00e1ra haszn\u00e1ljuk. Ezen t\u00edpus\u00fa cookie-k \u00e9lettartama kiz\u00e1r\u00f3lag a munkamenet idej\u00e9re korl\u00e1toz\u00f3dik.<\/p><p><strong>Referer cookiek<\/strong>: Azt r\u00f6gz\u00edtik, hogy a l\u00e1togat\u00f3 milyen k\u00fcls\u0151 oldalr\u00f3l \u00e9rkezett az oldalra. \u00c9lettartamuk a b\u00f6ng\u00e9sz\u0151 bez\u00e1r\u00e1s\u00e1ig tart.<br \/>Utolj\u00e1ra megtekintett term\u00e9k cookie: R\u00f6gz\u00edti a term\u00e9keket, amiket utolj\u00e1ra megtekintett a l\u00e1togat\u00f3. \u00c9lettartamuk 60 nap.<\/p><p><strong>Utolj\u00e1ra megtekintett kateg\u00f3ria cookie:<\/strong>\u00a0R\u00f6gz\u00edtit az utolj\u00e1ra megtekintett kateg\u00f3ri\u00e1t. \u00c9lettartama 60 nap.<\/p><p><strong>Kos\u00e1r cookie:\u00a0<\/strong>A kos\u00e1rba helyezett term\u00e9keket r\u00f6gz\u00edti. \u00c9lettartama 365 nap.<\/p><p><strong>Intelligens aj\u00e1nlat cookie:<\/strong>\u00a0Intelligens aj\u00e1nlatok megjelen\u00edt\u00e9s\u00e9nek felt\u00e9teleit r\u00f6gz\u00edti (pl. volt-e m\u00e1r az oldalon a l\u00e1togat\u00f3, van-e rendel\u00e9se). \u00c9lettartama 30 nap.<\/p><h5><strong>Marketing c\u00e9l\u00fa cookie-k:<\/strong><\/h5><p><strong>Google Adwords cookie<\/strong>\u00a0Amikor valaki megl\u00e1togatja az oldalunkat, a l\u00e1togat\u00f3 cookie-azonos\u00edt\u00f3ja hozz\u00e1ad\u00f3dik a remarketinglist\u00e1hoz. A Google cookie-kat \u2013 p\u00e9ld\u00e1ul a NID \u00e9s SID cookie-kat \u2013 haszn\u00e1l a Google-term\u00e9kekben, \u00edgy p\u00e9ld\u00e1ul a Google Keres\u00e9sben l\u00e1that\u00f3 hirdet\u00e9sek testreszab\u00e1s\u00e1hoz. Az ilyen cookie-kat p\u00e9ld\u00e1ul arra haszn\u00e1lja,<br \/>hogy megjegyezze az \u00d6n legut\u00f3bbi keres\u00e9seit, az egyes hirdet\u0151k hirdet\u00e9seivel vagy a keres\u00e9si eredm\u00e9nyekkel val\u00f3 kor\u00e1bbi interakci\u00f3it, tov\u00e1bb\u00e1 a hirdet\u0151k webhelyein tett l\u00e1togat\u00e1sait. Az AdWords konverzi\u00f3k\u00f6vet\u00e9s funkci\u00f3ja cookie-kat haszn\u00e1l. A hirdet\u00e9sb\u0151l ered\u0151 \u00e9rt\u00e9kes\u00edt\u00e9sek \u00e9s egy\u00e9b konverzi\u00f3k k\u00f6vet\u00e9s\u00e9re cookie-kat ment a felhaszn\u00e1l\u00f3 sz\u00e1m\u00edt\u00f3g\u00e9p\u00e9re, amikor az adott szem\u00e9ly egy hirdet\u00e9sre kattint. A cookie-k n\u00e9h\u00e1ny gyakori alkalmaz\u00e1si m\u00f3dja: a hirdet\u00e9sek kiv\u00e1laszt\u00e1sa annak alapj\u00e1n, hogy mi a relev\u00e1ns az adott felhaszn\u00e1l\u00f3 eset\u00e9n, a kamp\u00e1nyok teljes\u00edtm\u00e9ny\u00e9r\u0151l sz\u00f3l\u00f3 jelent\u00e9sek t\u00f6k\u00e9letes\u00edt\u00e9se, \u00e9s a felhaszn\u00e1l\u00f3 \u00e1ltal m\u00e1r megtekintett hirdet\u00e9sek<br \/>megjelen\u00edt\u00e9s\u00e9nek elker\u00fcl\u00e9se.<\/p><p><strong>Remarketing cookiek-k:<\/strong>\u00a0A kor\u00e1bbi l\u00e1togat\u00f3k vagy felhaszn\u00e1l\u00f3k sz\u00e1m\u00e1ra a Google Display H\u00e1l\u00f3zaton tal\u00e1lhat\u00f3 egy\u00e9b webhelyeken val\u00f3 b\u00f6ng\u00e9sz\u00e9s, illetve term\u00e9keivel vagy szolg\u00e1ltat\u00e1saival kapcsolatos kifejez\u00e9sek keres\u00e9sekor jelenhetnek meg<\/p><p><strong>predictionio<\/strong>\u00a0Felhaszn\u00e1l\u00f3 azonos\u00edt\u00f3 cookie szem\u00e9lyre szabott hirdet\u00e9sek aj\u00e1nl\u00e1s\u00e1hoz. \u00c9lettartama 3 h\u00f3nap.<\/p><p><strong>Facebook pixel (Facebook cookie)<\/strong>\u00a0A Facebook-k\u00e9ppont olyan k\u00f3d, amelynek a seg\u00edts\u00e9g\u00e9vel a honlapon jelent\u00e9s k\u00e9sz\u00fcl a konverzi\u00f3kr\u00f3l, c\u00e9lk\u00f6z\u00f6ns\u00e9gek \u00e1ll\u00edthat\u00f3k \u00f6ssze, \u00e9s az oldal tulajdonosa r\u00e9szletes elemz\u00e9si adatokat kap a l\u00e1togat\u00f3k honlap haszn\u00e1lat\u00e1r\u00f3l. A Facebook pixel seg\u00edts\u00e9g\u00e9vel a weboldal l\u00e1togat\u00f3inak szem\u00e9lyre szabott aj\u00e1nlatokat, hirdet\u00e9seket jelen\u00edthet meg a Facebook fel\u00fclet\u00e9n. A Facebook adatkezel\u00e9si szab\u00e1lyzat\u00e1t itt tanulm\u00e1nyozhatja:\u00a0<a href=\"https:\/\/www.facebook.com\/privacy\/explanation\" target=\"_blank\" rel=\"noopener\">https:\/\/www.facebook.com\/privacy\/explanation<\/a><\/p><p>A cookie-k t\u00f6rl\u00e9s\u00e9r\u0151l b\u0151vebb t\u00e1j\u00e9koztat\u00e1st az al\u00e1bbi linkeken tal\u00e1lhat:<br \/>\uf0b7 Internet Explorer:\u00a0\u00a0<a href=\"http:\/\/windows.microsoft.com\/en-us\/internet-explorer\/delete-manage-cookies#ie=ie-11\" target=\"_blank\" rel=\"noopener\">http:\/\/windows.microsoft.com\/en-us\/internet-explorer\/delete-manage-cookies#ie=ie-11<\/a><br \/>\uf0b7 Firefox:\u00a0<a href=\"https:\/\/support.mozilla.org\/en-US\/kb\/cookies-information-websites-store-on-your-computer\" target=\"_blank\" rel=\"noopener\">\u00a0https:\/\/support.mozilla.org\/en-US\/kb\/cookies-information-websites-store-on-your-computer<\/a><br \/>\uf0b7 Mozilla:\u00a0<a href=\"https:\/\/support.mozilla.org\/hu\/kb\/weboldalak-altal-elhelyezett-sutik-torlese-szamito\" target=\"_blank\" rel=\"noopener\">https:\/\/support.mozilla.org\/hu\/kb\/weboldalak-altal-elhelyezett-sutik-torlese-szamito<\/a><br \/>\uf0b7 Safari:\u00a0<a href=\"https:\/\/support.apple.com\/guide\/safari\/manage-cookies-and-website-data-sfri11471\/mac\" target=\"_blank\" rel=\"noopener\">https:\/\/support.apple.com\/guide\/safari\/manage-cookies-and-website-data-sfri11471\/mac<\/a><br \/>\uf0b7 Chrome:\u00a0<a href=\"https:\/\/support.google.com\/chrome\/answer\/95647\" target=\"_blank\" rel=\"noopener\">https:\/\/support.google.com\/chrome\/answer\/95647<\/a><br \/>\uf0b7 Edge:\u00a0<a href=\"https:\/\/support.microsoft.com\/hu-hu\/help\/4027947\/microsoft-edge-delete-cookies\" target=\"_blank\" rel=\"noopener\">https:\/\/support.microsoft.com\/hu-hu\/help\/4027947\/microsoft-edge-delete-cookies<\/a><\/p><\/div><\/div>\t\t\t\t\t\t\t\t<\/div>\n\t\t\t\t\t<\/div>\n\t\t\t\t<\/div>\n\t\t<div class=\"elementor-element elementor-element-9215a02 e-flex e-con-boxed e-con e-parent\" data-id=\"9215a02\" data-element_type=\"container\" data-e-type=\"container\">\n\t\t\t\t\t<div class=\"e-con-inner\">\n\t\t\t\t\t<\/div>\n\t\t\t\t<\/div>\n\t\t\t\t<\/div>","protected":false},"excerpt":{"rendered":"<p>Adatkezel\u00e9si t\u00e1j\u00e9koztat\u00f3 ADATKEZEL\u00c9SI SZAB\u00c1LYZATI. \u00c1ltal\u00e1nos t\u00e1j\u00e9koztat\u00f3 Az Adatkezel\u00e9si Szab\u00e1lyzat c\u00e9lja, hogy r\u00f6gz\u00edtse az adatkezel\u0151 \u00e1ltal alkalmazott adatkezel\u00e9si \u00e9s adatv\u00e9delmi elj\u00e1r\u00e1st, amelynek betart\u00e1s\u00e1val, mint adatkezel\u0151 (tov\u00e1bbiakban: Adatkezel\u0151) tev\u00e9kenys\u00e9ge sor\u00e1n k\u00fcl\u00f6n\u00f6sen \u00fcgyel a szem\u00e9lyes adatok v\u00e9delm\u00e9re \u00e9s meg\u0151rz\u00e9s\u00e9re, tov\u00e1bb\u00e1 a biztons\u00e1gos \u00e9s tisztess\u00e9ges adatkezel\u00e9sre. Adatkezel\u0151 adatai: C\u00e9gn\u00e9v: SPEDEMEX Korl\u00e1tolt Felel\u0151ss\u00e9g\u0171 T\u00e1rsas\u00e1g C\u00e9gjegyz\u00e9ksz\u00e1m: 09-09-022565 Sz\u00e9khely: 4224 Hajd\u00fab\u00f6sz\u00f6rm\u00e9ny-Bodasz\u0151l\u0151, Zelem\u00e9r [&hellip;]<\/p>\n","protected":false},"author":1,"featured_media":0,"parent":0,"menu_order":0,"comment_status":"closed","ping_status":"closed","template":"elementor_header_footer","meta":{"_seopress_robots_primary_cat":"","_seopress_titles_title":"","_seopress_titles_desc":"","_seopress_robots_index":"","footnotes":""},"class_list":["post-680","page","type-page","status-publish","hentry"],"_links":{"self":[{"href":"https:\/\/transflowers.com\/en\/wp-json\/wp\/v2\/pages\/680","targetHints":{"allow":["GET"]}}],"collection":[{"href":"https:\/\/transflowers.com\/en\/wp-json\/wp\/v2\/pages"}],"about":[{"href":"https:\/\/transflowers.com\/en\/wp-json\/wp\/v2\/types\/page"}],"author":[{"embeddable":true,"href":"https:\/\/transflowers.com\/en\/wp-json\/wp\/v2\/users\/1"}],"replies":[{"embeddable":true,"href":"https:\/\/transflowers.com\/en\/wp-json\/wp\/v2\/comments?post=680"}],"version-history":[{"count":0,"href":"https:\/\/transflowers.com\/en\/wp-json\/wp\/v2\/pages\/680\/revisions"}],"wp:attachment":[{"href":"https:\/\/transflowers.com\/en\/wp-json\/wp\/v2\/media?parent=680"}],"curies":[{"name":"wp","href":"https:\/\/api.w.org\/{rel}","templated":true}]}}